{"id":3736,"date":"2018-07-02T14:29:19","date_gmt":"2018-07-02T12:29:19","guid":{"rendered":"http:\/\/novyfonograf.cz\/teams\/work-team\/filip-sir\/"},"modified":"2020-07-16T13:21:22","modified_gmt":"2020-07-16T11:21:22","slug":"filip-sir","status":"publish","type":"page","link":"https:\/\/novyfonograf.cz\/en\/teams\/work-team\/filip-sir\/","title":{"rendered":"Filip \u0160\u00edr"},"content":{"rendered":"<p><div class=\"fusion-fullwidth fullwidth-box fusion-builder-row-1 nonhundred-percent-fullwidth non-hundred-percent-height-scrolling\" style=\"background-color: rgba(255,255,255,0);background-position: center center;background-repeat: no-repeat;padding-top:0px;padding-right:0px;padding-bottom:50px;padding-left:0px;margin-bottom: 0px;margin-top: 0px;border-width: 0px 0px 0px 0px;border-color:#eae9e9;border-style:solid;\" ><div class=\"fusion-builder-row fusion-row\"><div class=\"fusion-layout-column fusion_builder_column fusion-builder-column-0 fusion_builder_column_1_2 1_2 fusion-one-half fusion-column-first\" style=\"width:50%;width:calc(50% - ( ( 4% ) * 0.5 ) );margin-right: 4%;margin-top:0px;margin-bottom:20px;\"><div class=\"fusion-column-wrapper fusion-flex-column-wrapper-legacy\" style=\"background-position:left top;background-repeat:no-repeat;-webkit-background-size:cover;-moz-background-size:cover;-o-background-size:cover;background-size:cover;padding: 0px 0px 0px 0px;\"><div class=\"fusion-image-carousel fusion-image-carousel-auto fusion-carousel-border\"><div class=\"fusion-carousel\" data-autoplay=\"no\" data-columns=\"1\" data-itemmargin=\"0\" data-itemwidth=\"180\" data-touchscroll=\"no\" data-imagesize=\"auto\"><div class=\"fusion-carousel-positioner\"><ul class=\"fusion-carousel-holder\"><li class=\"fusion-carousel-item\"><div class=\"fusion-carousel-item-wrapper\"><div class=\"fusion-image-wrapper hover-type-none\"><img width=\"867\" height=\"1300\" src=\"https:\/\/novyfonograf.cz\/wp-content\/uploads\/2020\/05\/portrety-naki-25-2.jpg\" class=\"attachment-full size-full\" alt=\"\" srcset=\"https:\/\/novyfonograf.cz\/wp-content\/uploads\/2020\/05\/portrety-naki-25-2-200x300.jpg 200w, https:\/\/novyfonograf.cz\/wp-content\/uploads\/2020\/05\/portrety-naki-25-2-400x600.jpg 400w, https:\/\/novyfonograf.cz\/wp-content\/uploads\/2020\/05\/portrety-naki-25-2-600x900.jpg 600w, https:\/\/novyfonograf.cz\/wp-content\/uploads\/2020\/05\/portrety-naki-25-2-683x1024.jpg 683w, https:\/\/novyfonograf.cz\/wp-content\/uploads\/2020\/05\/portrety-naki-25-2-768x1152.jpg 768w, https:\/\/novyfonograf.cz\/wp-content\/uploads\/2020\/05\/portrety-naki-25-2-800x1200.jpg 800w, https:\/\/novyfonograf.cz\/wp-content\/uploads\/2020\/05\/portrety-naki-25-2.jpg 867w\" sizes=\"(max-width: 867px) 100vw, 867px\" \/><\/div><\/div><\/li><li class=\"fusion-carousel-item\"><div class=\"fusion-carousel-item-wrapper\"><div class=\"fusion-image-wrapper hover-type-none\"><img width=\"2563\" height=\"3840\" src=\"https:\/\/novyfonograf.cz\/wp-content\/uploads\/2018\/07\/ProfilovkyNet-2-e1589876520288.jpg\" class=\"attachment-full size-full\" alt=\"\" srcset=\"https:\/\/novyfonograf.cz\/wp-content\/uploads\/2018\/07\/ProfilovkyNet-2-e1589876520288-200x300.jpg 200w, https:\/\/novyfonograf.cz\/wp-content\/uploads\/2018\/07\/ProfilovkyNet-2-e1589876520288-400x599.jpg 400w, https:\/\/novyfonograf.cz\/wp-content\/uploads\/2018\/07\/ProfilovkyNet-2-e1589876520288-600x899.jpg 600w, https:\/\/novyfonograf.cz\/wp-content\/uploads\/2018\/07\/ProfilovkyNet-2-e1589876520288-683x1024.jpg 683w, https:\/\/novyfonograf.cz\/wp-content\/uploads\/2018\/07\/ProfilovkyNet-2-e1589876520288-768x1151.jpg 768w, https:\/\/novyfonograf.cz\/wp-content\/uploads\/2018\/07\/ProfilovkyNet-2-e1589876520288-800x1199.jpg 800w, https:\/\/novyfonograf.cz\/wp-content\/uploads\/2018\/07\/ProfilovkyNet-2-e1589876520288-1200x1798.jpg 1200w, https:\/\/novyfonograf.cz\/wp-content\/uploads\/2018\/07\/ProfilovkyNet-2-e1589876520288.jpg 2563w\" sizes=\"(max-width: 2563px) 100vw, 2563px\" \/><\/div><\/div><\/li><li class=\"fusion-carousel-item\"><div class=\"fusion-carousel-item-wrapper\"><div class=\"fusion-image-wrapper hover-type-none\"><img width=\"800\" height=\"1200\" src=\"https:\/\/novyfonograf.cz\/wp-content\/uploads\/2020\/07\/portrety_web-3.jpg\" class=\"attachment-full size-full\" alt=\"\" srcset=\"https:\/\/novyfonograf.cz\/wp-content\/uploads\/2020\/07\/portrety_web-3-200x300.jpg 200w, https:\/\/novyfonograf.cz\/wp-content\/uploads\/2020\/07\/portrety_web-3-400x600.jpg 400w, https:\/\/novyfonograf.cz\/wp-content\/uploads\/2020\/07\/portrety_web-3-600x900.jpg 600w, https:\/\/novyfonograf.cz\/wp-content\/uploads\/2020\/07\/portrety_web-3-683x1024.jpg 683w, https:\/\/novyfonograf.cz\/wp-content\/uploads\/2020\/07\/portrety_web-3-768x1152.jpg 768w, https:\/\/novyfonograf.cz\/wp-content\/uploads\/2020\/07\/portrety_web-3.jpg 800w\" sizes=\"(max-width: 800px) 100vw, 800px\" \/><\/div><\/div><\/li><\/ul><div class=\"fusion-carousel-nav\"><span class=\"fusion-nav-prev\"><\/span><span class=\"fusion-nav-next\"><\/span><\/div><\/div><\/div><\/div><div class=\"fusion-clearfix\"><\/div><\/div><\/div><div class=\"fusion-layout-column fusion_builder_column fusion-builder-column-1 fusion_builder_column_1_2 1_2 fusion-one-half fusion-column-last\" style=\"width:50%;width:calc(50% - ( ( 4% ) * 0.5 ) );margin-top:0px;margin-bottom:20px;\"><div class=\"fusion-column-wrapper fusion-flex-column-wrapper-legacy\" style=\"background-position:left top;background-repeat:no-repeat;-webkit-background-size:cover;-moz-background-size:cover;-o-background-size:cover;background-size:cover;padding: 0px 0px 0px 0px;\"><style type=\"text\/css\"><\/style><div class=\"fusion-title title fusion-title-1 fusion-sep-none fusion-title-text fusion-title-size-two\" style=\"margin-top:0px;margin-bottom:20px;\"><h2 class=\"title-heading-left\" style=\"margin:0;\">Bio<\/h2><\/div><ul class=\"fusion-checklist fusion-checklist-1\" style=\"font-size:17px;line-height:28.9px;\"><li class=\"fusion-li-item\"><span style=\"height:28.9px;width:28.9px;margin-right:11.9px;\" class=\"icon-wrapper circle-no\"><i class=\"fusion-li-icon fa fa-phone\" style=\"color:#12100f;\" aria-hidden=\"true\"><\/i><\/span><div class=\"fusion-li-item-content\" style=\"margin-left:40.8px;\">\n<p><span style=\"font-weight: 400;\">+420&nbsp;605&nbsp;473&nbsp;483<\/span><\/p>\n<\/div><\/li><li class=\"fusion-li-item\"><span style=\"height:28.9px;width:28.9px;margin-right:11.9px;\" class=\"icon-wrapper circle-no\"><i class=\"fusion-li-icon fa fa-envelope\" style=\"color:#12100f;\" aria-hidden=\"true\"><\/i><\/span><div class=\"fusion-li-item-content\" style=\"margin-left:40.8px;\">\n<p><a href=\"mailto:filip.sir@novyfonograf.cz\"><span data-sheets-value=\"{\" data-sheets-userformat=\"{\">filip.sir@novyfonograf.cz<\/span><\/a><\/p>\n<\/div><\/li><li class=\"fusion-li-item\"><span style=\"height:28.9px;width:28.9px;margin-right:11.9px;\" class=\"icon-wrapper circle-no\"><i class=\"fusion-li-icon fa fa-globe\" style=\"color:#12100f;\" aria-hidden=\"true\"><\/i><\/span><div class=\"fusion-li-item-content\" style=\"margin-left:40.8px;\">\n<p><a href=\"https:\/\/www.nm.cz\/sir-filip-dis\" target=\"_blank\" rel=\"noopener\">https:\/\/www.nm.cz\/sir-filip-dis<\/a><\/p>\n<\/div><\/li><\/ul><div class=\"fusion-sep-clear\"><\/div><div class=\"fusion-separator fusion-full-width-sep\" style=\"margin-left: auto;margin-right: auto;margin-bottom:20px;width:100%;\"><\/div><div class=\"fusion-sep-clear\"><\/div><div class=\"fusion-text fusion-text-1\" style=\"transform:translate3d(0,0,0);\"><p>Filip \u0160\u00edr, DiS. is the coordinator for digitization of audio documents in the Digitization and New Media Department of the National Museum. Since 2012, he has been focusing on a comprehensive solution for the issue of audio documents, from the principles of sound document care to the methodology of their digitization. He is a member of various professional societies, such as the prestigious <strong>International Association of Sound and Audiovisual Archives (IASA)<\/strong>. In 2016, he received the<strong> INFORUM 2016 Prize <\/strong>(awarded for the <strong>Virtual National Phonotheque<\/strong>) as the most significant and best Czech product, service or act associated with electronic information sources with significance for the Czech Republic within the Virtual National Sound Fund team. In 2017, together with Gabriel G\u00f6ssel, he was awarded the <strong>ARSC Certificate of Merit<\/strong> for his contribution to historical research for \u2018<strong>Recorded Sound in Czech Lands<\/strong>\u2019. In 2018, he presented at <strong>Eda Kuhn Loeb Music Library at Harvard University<\/strong> and at <strong>New York University<\/strong>. He also conducted a two-day workshop at <strong>Fonoteca Nacional de M\u00e9xico<\/strong>. At the moment, he is the principal investigator leading the project <strong>New Phonograph: listening to the history of sound<\/strong>, and also research into sound sources stemming from Czech emigration to the USA in the late 19th and early 20th centuries.<\/p>\n<\/div><div class=\"fusion-clearfix\"><\/div><\/div><\/div><\/div><\/div><div class=\"fusion-fullwidth fullwidth-box fusion-builder-row-2 nonhundred-percent-fullwidth non-hundred-percent-height-scrolling\" style=\"background-color: #f4f4f4;background-position: center center;background-repeat: no-repeat;padding-top:70px;padding-right:0px;padding-bottom:50px;padding-left:0px;margin-bottom: 0px;margin-top: 0px;border-width: 0px 0px 0px 0px;border-color:#eae9e9;border-style:solid;\" ><div class=\"fusion-builder-row fusion-row\"><div class=\"fusion-layout-column fusion_builder_column fusion-builder-column-2 fusion_builder_column_1_3 1_3 fusion-one-third fusion-column-first fusion-column-no-min-height\" style=\"width:33.333333333333%;width:calc(33.333333333333% - ( ( 4% ) * 0.33333333333333 ) );margin-right: 4%;margin-top:0px;margin-bottom:20px;\"><div class=\"fusion-column-wrapper fusion-flex-column-wrapper-legacy\" style=\"background-position:left top;background-repeat:no-repeat;-webkit-background-size:cover;-moz-background-size:cover;-o-background-size:cover;background-size:cover;border-right:1px solid #e1e1e1;padding: 0px 4% 0px 0px;\"><div class=\"fusion-blog-shortcode fusion-blog-shortcode-1 fusion-blog-archive fusion-blog-layout-grid-wrapper fusion-blog-pagination\"><style type=\"text\/css\">.fusion-blog-shortcode-1 .fusion-blog-layout-grid .fusion-post-grid{padding:10px;}.fusion-blog-shortcode-1 .fusion-posts-container{margin-left: -10px !important; margin-right:-10px !important;}<\/style><div class=\"fusion-posts-container fusion-posts-container-pagination fusion-blog-rollover fusion-blog-layout-grid fusion-blog-layout-grid-1 isotope fusion-blog-layout-masonry\" data-pages=\"1\" data-grid-col-space=\"20\" style=\"margin: -10px -10px 0;min-height:500px;\"><article class=\"fusion-post-grid fusion-post-masonry post fusion-grid-sizer\"><\/article><article id=\"blog-1-post-7898\" class=\"fusion-post-masonry fusion-post-grid fusion-element-landscape fusion-element-portrait post-7898 post type-post status-publish format-standard has-post-thumbnail hentry category-archiv-en category-filip-sir-en category-martin-mejzr-en category-pokrok-en category-progress category-progress-progress category-progress-2-en category-upcoming-events\">\n<div class=\"fusion-post-wrapper\" style=\"background-color:rgb(255,255,255);border:1px solid #e1e1e1;border-bottom-width:3px;\">\n\n<div  class=\"fusion-masonry-element-container fusion-image-wrapper\" style=\"background-image:url(https:\/\/novyfonograf.cz\/wp-content\/uploads\/2021\/03\/IMG_0467-scaled.jpg);padding-top:calc((100% + 14px) * 0.8 + 4px);\" aria-haspopup=\"true\">\n\t\n\t\n\t\n\t\t\n\t\t\t\t\t<img width=\"2560\" height=\"1707\" src=\"https:\/\/novyfonograf.cz\/wp-content\/uploads\/2021\/03\/IMG_0467-scaled.jpg\" class=\"attachment-full size-full wp-post-image\" alt=\"\" srcset=\"https:\/\/novyfonograf.cz\/wp-content\/uploads\/2021\/03\/IMG_0467-200x133.jpg 200w, https:\/\/novyfonograf.cz\/wp-content\/uploads\/2021\/03\/IMG_0467-400x267.jpg 400w, https:\/\/novyfonograf.cz\/wp-content\/uploads\/2021\/03\/IMG_0467-600x400.jpg 600w, https:\/\/novyfonograf.cz\/wp-content\/uploads\/2021\/03\/IMG_0467-800x533.jpg 800w, https:\/\/novyfonograf.cz\/wp-content\/uploads\/2021\/03\/IMG_0467-1200x800.jpg 1200w, https:\/\/novyfonograf.cz\/wp-content\/uploads\/2021\/03\/IMG_0467-scaled.jpg 2560w\" sizes=\"(min-width: 2200px) 100vw, (min-width: 640px) 1200px, \" \/>\n\t\n\n\t\t<div class=\"fusion-rollover\">\n\t<div class=\"fusion-rollover-content\">\n\n\t\t\t\t\t\t\t\t\t\t\t\t\t\t<a class=\"fusion-rollover-link\" href=\"https:\/\/novyfonograf.cz\/en\/upcoming-events\/arsc-conference-2021\/\">ARSC Conference 2021<\/a>\n\t\t\t\n\t\t\t\t\t\t\t\t\n\t\t\t\t\n\t\t\t\t\t\t\t\t\t\t\t\t<h4 class=\"fusion-rollover-title\">\n\t\t\t\t\t<a class=\"fusion-rollover-title-link\" href=\"https:\/\/novyfonograf.cz\/en\/upcoming-events\/arsc-conference-2021\/\">\n\t\t\t\t\t\tARSC Conference 2021\t\t\t\t\t<\/a>\n\t\t\t\t<\/h4>\n\t\t\t\n\t\t\t\t\t\t\t\t\n\t\t\n\t\t\t\t<a class=\"fusion-link-wrapper\" href=\"https:\/\/novyfonograf.cz\/en\/upcoming-events\/arsc-conference-2021\/\" aria-label=\"ARSC Conference 2021\"><\/a>\n\t<\/div>\n<\/div>\n\n\t\n<\/div>\n<div class=\"fusion-post-content-wrapper\" style=\"padding:30px 25px 20px 25px;background-color:rgb(255,255,255);\"><div class=\"fusion-post-content post-content\"><h2 class=\"blog-shortcode-post-title\"><a href=\"https:\/\/novyfonograf.cz\/en\/upcoming-events\/arsc-conference-2021\/\">ARSC Conference 2021<\/a><\/h2><p class=\"fusion-single-line-meta\"><span>13. 5. 2021<\/span><span class=\"fusion-inline-sep\">|<\/span><\/p><div class=\"fusion-post-content-container\"><p>  Members of the New Phonograph [...]<\/p><\/div><\/div><\/div><div class=\"fusion-clearfix\"><\/div><\/div>\n<\/article>\n<article id=\"blog-1-post-7887\" class=\"fusion-post-masonry fusion-post-grid fusion-element-grid post-7887 post type-post status-publish format-standard has-post-thumbnail hentry category-archiv-en category-filip-sir-en category-o-nas-en\">\n<div class=\"fusion-post-wrapper\" style=\"background-color:rgb(255,255,255);border:1px solid #e1e1e1;border-bottom-width:3px;\">\n\n<div  class=\"fusion-masonry-element-container fusion-image-wrapper\" style=\"background-image:url(https:\/\/novyfonograf.cz\/wp-content\/uploads\/2018\/04\/audio-disc-disk-r.jpg);padding-top:calc((100% + 18px) * 0.8 - 10px);\" aria-haspopup=\"true\">\n\t\n\t\n\t\n\t\t\n\t\t\t\t\t<img width=\"768\" height=\"768\" src=\"https:\/\/novyfonograf.cz\/wp-content\/uploads\/2018\/04\/audio-disc-disk-r.jpg\" class=\"attachment-full size-full wp-post-image\" alt=\"\" srcset=\"https:\/\/novyfonograf.cz\/wp-content\/uploads\/2018\/04\/audio-disc-disk-r-200x200.jpg 200w, https:\/\/novyfonograf.cz\/wp-content\/uploads\/2018\/04\/audio-disc-disk-r-400x400.jpg 400w, https:\/\/novyfonograf.cz\/wp-content\/uploads\/2018\/04\/audio-disc-disk-r-600x600.jpg 600w, https:\/\/novyfonograf.cz\/wp-content\/uploads\/2018\/04\/audio-disc-disk-r.jpg 768w\" sizes=\"(min-width: 2200px) 100vw, (min-width: 640px) 1200px, \" \/>\n\t\n\n\t\t<div class=\"fusion-rollover\">\n\t<div class=\"fusion-rollover-content\">\n\n\t\t\t\t\t\t\t\t\t\t\t\t\t\t<a class=\"fusion-rollover-link\" href=\"https:\/\/novyfonograf.cz\/en\/archiv-en\/early-czech-recordings-across-the-atlantic\/\">EARLY CZECH RECORDINGS ACROSS THE ATLANTIC<\/a>\n\t\t\t\n\t\t\t\t\t\t\t\t\n\t\t\t\t\n\t\t\t\t\t\t\t\t\t\t\t\t<h4 class=\"fusion-rollover-title\">\n\t\t\t\t\t<a class=\"fusion-rollover-title-link\" href=\"https:\/\/novyfonograf.cz\/en\/archiv-en\/early-czech-recordings-across-the-atlantic\/\">\n\t\t\t\t\t\tEARLY CZECH RECORDINGS ACROSS THE ATLANTIC\t\t\t\t\t<\/a>\n\t\t\t\t<\/h4>\n\t\t\t\n\t\t\t\t\t\t\t\t\n\t\t\n\t\t\t\t<a class=\"fusion-link-wrapper\" href=\"https:\/\/novyfonograf.cz\/en\/archiv-en\/early-czech-recordings-across-the-atlantic\/\" aria-label=\"EARLY CZECH RECORDINGS ACROSS THE ATLANTIC\"><\/a>\n\t<\/div>\n<\/div>\n\n\t\n<\/div>\n<div class=\"fusion-post-content-wrapper\" style=\"padding:30px 25px 20px 25px;background-color:rgb(255,255,255);\"><div class=\"fusion-post-content post-content\"><h2 class=\"blog-shortcode-post-title\"><a href=\"https:\/\/novyfonograf.cz\/en\/archiv-en\/early-czech-recordings-across-the-atlantic\/\">EARLY CZECH RECORDINGS ACROSS THE ATLANTIC<\/a><\/h2><p class=\"fusion-single-line-meta\"><span>3. 5. 2021<\/span><span class=\"fusion-inline-sep\">|<\/span><\/p><div class=\"fusion-post-content-container\"><p> Prague to Chicago  Read an [...]<\/p><\/div><\/div><\/div><div class=\"fusion-clearfix\"><\/div><\/div>\n<\/article>\n<article id=\"blog-1-post-7744\" class=\"fusion-post-masonry fusion-post-grid fusion-element-landscape fusion-element-portrait post-7744 post type-post status-publish format-standard has-post-thumbnail hentry category-archiv-en category-filip-sir-en category-martin-mejzr-en category-pokrok-en category-progress category-upcoming-events category-vzdelavani-en\">\n<div class=\"fusion-post-wrapper\" style=\"background-color:rgb(255,255,255);border:1px solid #e1e1e1;border-bottom-width:3px;\">\n\n<div  class=\"fusion-masonry-element-container fusion-image-wrapper\" style=\"background-image:url(https:\/\/novyfonograf.cz\/wp-content\/uploads\/2021\/03\/Geoff-Tyson_digitalizace-scaled.jpg);padding-top:calc((100% + 14px) * 0.8 + 4px);\" aria-haspopup=\"true\">\n\t\n\t\n\t\n\t\t\n\t\t\t\t\t<img width=\"2560\" height=\"1706\" src=\"https:\/\/novyfonograf.cz\/wp-content\/uploads\/2021\/03\/Geoff-Tyson_digitalizace-scaled.jpg\" class=\"attachment-full size-full wp-post-image\" alt=\"\" srcset=\"https:\/\/novyfonograf.cz\/wp-content\/uploads\/2021\/03\/Geoff-Tyson_digitalizace-200x133.jpg 200w, https:\/\/novyfonograf.cz\/wp-content\/uploads\/2021\/03\/Geoff-Tyson_digitalizace-400x267.jpg 400w, https:\/\/novyfonograf.cz\/wp-content\/uploads\/2021\/03\/Geoff-Tyson_digitalizace-600x400.jpg 600w, https:\/\/novyfonograf.cz\/wp-content\/uploads\/2021\/03\/Geoff-Tyson_digitalizace-800x533.jpg 800w, https:\/\/novyfonograf.cz\/wp-content\/uploads\/2021\/03\/Geoff-Tyson_digitalizace-1200x800.jpg 1200w, https:\/\/novyfonograf.cz\/wp-content\/uploads\/2021\/03\/Geoff-Tyson_digitalizace-scaled.jpg 2560w\" sizes=\"(min-width: 2200px) 100vw, (min-width: 640px) 1200px, \" \/>\n\t\n\n\t\t<div class=\"fusion-rollover\">\n\t<div class=\"fusion-rollover-content\">\n\n\t\t\t\t\t\t\t\t\t\t\t\t\t\t<a class=\"fusion-rollover-link\" href=\"https:\/\/novyfonograf.cz\/en\/upcoming-events\/unveiling-the-history-of-sound\/\">Unveiling the History of Sound<\/a>\n\t\t\t\n\t\t\t\t\t\t\t\t\n\t\t\t\t\n\t\t\t\t\t\t\t\t\t\t\t\t<h4 class=\"fusion-rollover-title\">\n\t\t\t\t\t<a class=\"fusion-rollover-title-link\" href=\"https:\/\/novyfonograf.cz\/en\/upcoming-events\/unveiling-the-history-of-sound\/\">\n\t\t\t\t\t\tUnveiling the History of Sound\t\t\t\t\t<\/a>\n\t\t\t\t<\/h4>\n\t\t\t\n\t\t\t\t\t\t\t\t\n\t\t\n\t\t\t\t<a class=\"fusion-link-wrapper\" href=\"https:\/\/novyfonograf.cz\/en\/upcoming-events\/unveiling-the-history-of-sound\/\" aria-label=\"Unveiling the History of Sound\"><\/a>\n\t<\/div>\n<\/div>\n\n\t\n<\/div>\n<div class=\"fusion-post-content-wrapper\" style=\"padding:30px 25px 20px 25px;background-color:rgb(255,255,255);\"><div class=\"fusion-post-content post-content\"><h2 class=\"blog-shortcode-post-title\"><a href=\"https:\/\/novyfonograf.cz\/en\/upcoming-events\/unveiling-the-history-of-sound\/\">Unveiling the History of Sound<\/a><\/h2><p class=\"fusion-single-line-meta\"><span>18. 3. 2021<\/span><span class=\"fusion-inline-sep\">|<\/span><\/p><div class=\"fusion-post-content-container\"><p> Have a sneak peek behind the [...]<\/p><\/div><\/div><\/div><div class=\"fusion-clearfix\"><\/div><\/div>\n<\/article>\n<article id=\"blog-1-post-4333\" class=\"fusion-post-masonry fusion-post-grid fusion-element-grid post-4333 post type-post status-publish format-standard has-post-thumbnail hentry category-archiv-en category-filip-sir-en category-pokrok-en category-progress category-publikace-en category-vzdelavani-en tag-prezentace-en\">\n<div class=\"fusion-post-wrapper\" style=\"background-color:rgb(255,255,255);border:1px solid #e1e1e1;border-bottom-width:3px;\">\n\n<div  class=\"fusion-masonry-element-container fusion-image-wrapper\" style=\"background-image:url(https:\/\/novyfonograf.cz\/wp-content\/uploads\/2019\/07\/FILIP-SIR-IAML-2019.png);padding-top:calc((100% + 18px) * 0.8 - 10px);\" aria-haspopup=\"true\">\n\t\n\t\n\t\n\t\t\n\t\t\t\t\t<img width=\"1119\" height=\"742\" src=\"https:\/\/novyfonograf.cz\/wp-content\/uploads\/2019\/07\/FILIP-SIR-IAML-2019.png\" class=\"attachment-full size-full wp-post-image\" alt=\"\" srcset=\"https:\/\/novyfonograf.cz\/wp-content\/uploads\/2019\/07\/FILIP-SIR-IAML-2019-200x133.png 200w, https:\/\/novyfonograf.cz\/wp-content\/uploads\/2019\/07\/FILIP-SIR-IAML-2019-400x265.png 400w, https:\/\/novyfonograf.cz\/wp-content\/uploads\/2019\/07\/FILIP-SIR-IAML-2019-600x398.png 600w, https:\/\/novyfonograf.cz\/wp-content\/uploads\/2019\/07\/FILIP-SIR-IAML-2019-800x530.png 800w, https:\/\/novyfonograf.cz\/wp-content\/uploads\/2019\/07\/FILIP-SIR-IAML-2019.png 1119w\" sizes=\"(min-width: 2200px) 100vw, (min-width: 640px) 1200px, \" \/>\n\t\n\n\t\t<div class=\"fusion-rollover\">\n\t<div class=\"fusion-rollover-content\">\n\n\t\t\t\t\t\t\t\t\t\t\t\t\t\t<a class=\"fusion-rollover-link\" href=\"https:\/\/novyfonograf.cz\/en\/filip-sir-en\/iaml-2019-filip-sir\/\">IAML 2019 &#8211; Filip \u0160\u00edr<\/a>\n\t\t\t\n\t\t\t\t\t\t\t\t\n\t\t\t\t\n\t\t\t\t\t\t\t\t\t\t\t\t<h4 class=\"fusion-rollover-title\">\n\t\t\t\t\t<a class=\"fusion-rollover-title-link\" href=\"https:\/\/novyfonograf.cz\/en\/filip-sir-en\/iaml-2019-filip-sir\/\">\n\t\t\t\t\t\tIAML 2019 &#8211; Filip \u0160\u00edr\t\t\t\t\t<\/a>\n\t\t\t\t<\/h4>\n\t\t\t\n\t\t\t\t\t\t\t\t\n\t\t\n\t\t\t\t<a class=\"fusion-link-wrapper\" href=\"https:\/\/novyfonograf.cz\/en\/filip-sir-en\/iaml-2019-filip-sir\/\" aria-label=\"IAML 2019 &#8211; Filip \u0160\u00edr\"><\/a>\n\t<\/div>\n<\/div>\n\n\t\n<\/div>\n<div class=\"fusion-post-content-wrapper\" style=\"padding:30px 25px 20px 25px;background-color:rgb(255,255,255);\"><div class=\"fusion-post-content post-content\"><h2 class=\"blog-shortcode-post-title\"><a href=\"https:\/\/novyfonograf.cz\/en\/filip-sir-en\/iaml-2019-filip-sir\/\">IAML 2019 &#8211; Filip \u0160\u00edr<\/a><\/h2><p class=\"fusion-single-line-meta\"><span>24. 7. 2019<\/span><span class=\"fusion-inline-sep\">|<\/span><\/p><div class=\"fusion-post-content-container\"><p> A presentation titled Grammar of Gramophone [...]<\/p><\/div><\/div><\/div><div class=\"fusion-clearfix\"><\/div><\/div>\n<\/article>\n<div class=\"fusion-clearfix\"><\/div><\/div><\/div><div class=\"fusion-clearfix\"><\/div><\/div><\/div><div class=\"fusion-layout-column fusion_builder_column fusion-builder-column-3 fusion_builder_column_2_3 2_3 fusion-two-third fusion-column-last fusion-column-no-min-height\" style=\"width:66.666666666667%;width:calc(66.666666666667% - ( ( 4% ) * 0.66666666666667 ) );margin-top:0px;margin-bottom:20px;\"><div class=\"fusion-column-wrapper fusion-flex-column-wrapper-legacy\" style=\"background-position:left top;background-repeat:no-repeat;-webkit-background-size:cover;-moz-background-size:cover;-o-background-size:cover;background-size:cover;padding: 0px 0px 0px 0px;\"><style type=\"text\/css\"><\/style><div class=\"fusion-title title fusion-title-2 fusion-sep-none fusion-title-center fusion-title-text fusion-title-size-three\" style=\"margin-top:0px;margin-bottom:31px;\"><h3 class=\"title-heading-center\" style=\"margin:0;\">Publications and applied research (selection)<\/h3><\/div><style type=\"text\/css\"><\/style><div class=\"fusion-title title fusion-title-3 fusion-title-center fusion-title-text fusion-title-size-four\" style=\"margin-top:0px;margin-bottom:31px;\"><div class=\"title-sep-container title-sep-container-left\"><div class=\"title-sep sep-double sep-solid\" style=\"border-color:#e0dede;\"><\/div><\/div><h4 class=\"title-heading-center\" style=\"margin:0;\">Monographs<\/h4><div class=\"title-sep-container title-sep-container-right\"><div class=\"title-sep sep-double sep-solid\" style=\"border-color:#e0dede;\"><\/div><\/div><\/div><ul class=\"fusion-checklist fusion-checklist-2\" style=\"font-size:15px;line-height:25.5px;\"><li class=\"fusion-li-item\"><span style=\"height:25.5px;width:25.5px;margin-right:10.5px;\" class=\"icon-wrapper circle-no\"><i class=\"fusion-li-icon fa fa-book\" style=\"color:#12100f;\" aria-hidden=\"true\"><\/i><\/span><div class=\"fusion-li-item-content\" style=\"margin-left:36px;\">\n<p>BACHT\u00cdKOV\u00c1, Ad\u00e9la, Gabriel G\u00d6SSEL\u00a0and Filip \u0160\u00cdR.\u00a0<em>Sto plus jedna etiketa.\u00a0Nahr\u00e1vky na gramodesk\u00e1ch\u00a0z \u00e9ry mechanick\u00e9ho z\u00e1znamu zvuku\u00a01900\u20131926<\/em>.\u00a0Praha: N\u00e1rodn\u00ed muzeum, 2019.\u00a0228 p. ISBN 978-80-7036-616-5.<\/p>\n<\/div><\/li><li class=\"fusion-li-item\"><span style=\"height:25.5px;width:25.5px;margin-right:10.5px;\" class=\"icon-wrapper circle-no\"><i class=\"fusion-li-icon fa fa-book\" style=\"color:#12100f;\" aria-hidden=\"true\"><\/i><\/span><div class=\"fusion-li-item-content\" style=\"margin-left:36px;\">\n<p>G\u00d6SSEL, Gabriel and Filip \u0160\u00cdR.\u00a0<em>Bohemia on Records: Early Czech Sound Recordings in the USA = Krajan\u00e9 za velkou lou\u017e\u00ed: historick\u00e9 \u010desk\u00e9 nahr\u00e1vky v\u00a0USA<\/em>. Praha: N\u00e1rodn\u00ed muzeum, 2018.\u00a0115 p. ISBN 978-80-7036-565-6.<\/p>\n<\/div><\/li><li class=\"fusion-li-item\"><span style=\"height:25.5px;width:25.5px;margin-right:10.5px;\" class=\"icon-wrapper circle-no\"><i class=\"fusion-li-icon fa fa-book\" style=\"color:#12100f;\" aria-hidden=\"true\"><\/i><\/span><div class=\"fusion-li-item-content\" style=\"margin-left:36px;\">\n<p>G\u00d6SSEL, Gabriel and Filip \u0160\u00cdR.\u00a0<em>Gramatika etiket gramofonov\u00fdch desek: pom\u016fcka pro katalogizaci historick\u00fdch desek z\u00a0let 1900-1946<\/em>. Praha: N\u00e1rodn\u00ed muzeum, 2016.\u00a080 p. ISBN 978-80-7036-517-5.<\/p>\n<\/div><\/li><li class=\"fusion-li-item\"><span style=\"height:25.5px;width:25.5px;margin-right:10.5px;\" class=\"icon-wrapper circle-no\"><i class=\"fusion-li-icon fa fa-book\" style=\"color:#12100f;\" aria-hidden=\"true\"><\/i><\/span><div class=\"fusion-li-item-content\" style=\"margin-left:36px;\">\n<p>G\u00d6SSEL, Gabriel and Filip \u0160\u00cdR.\u00a0<em>Recorded Sound in Czech Lands 1900-1946<\/em>. 1.\u00a0edition. Brno: The Moravian Library, 2016.\u00a0205 stran. ISBN 978-80-7051-218-0.<\/p>\n<\/div><\/li><li class=\"fusion-li-item\"><span style=\"height:25.5px;width:25.5px;margin-right:10.5px;\" class=\"icon-wrapper circle-no\"><i class=\"fusion-li-icon fa fa-book\" style=\"color:#12100f;\" aria-hidden=\"true\"><\/i><\/span><div class=\"fusion-li-item-content\" style=\"margin-left:36px;\">\n<p>G\u00d6SSEL, Gabriel\u00a0and Filip \u0160\u00cdR, (eds.).\u00a0<em>\u010cesk\u00fd katalog nahr\u00e1vek gramofonov\u00e9 firmy Esta 1930-1946.\u00a0<\/em>Brno: Moravsk\u00e1 zemsk\u00e1 knihovna, 2014.\u00a0368 p. ISBN 978-80-7051-203-6.<\/p>\n<\/div><\/li><\/ul><style type=\"text\/css\"><\/style><div class=\"fusion-title title fusion-title-4 fusion-title-center fusion-title-text fusion-title-size-four\" style=\"margin-top:0px;margin-bottom:31px;\"><div class=\"title-sep-container title-sep-container-left\"><div class=\"title-sep sep-double sep-solid\" style=\"border-color:#e0dede;\"><\/div><\/div><h4 class=\"title-heading-center\" style=\"margin:0;\"><strong>Certified methodologies<\/strong><\/h4><div class=\"title-sep-container title-sep-container-right\"><div class=\"title-sep sep-double sep-solid\" style=\"border-color:#e0dede;\"><\/div><\/div><\/div><ul class=\"fusion-checklist fusion-checklist-3\" style=\"font-size:13px;line-height:22.1px;\"><li class=\"fusion-li-item\"><span style=\"background-color:#a0ce4e;font-size:11.44px;height:22.1px;width:22.1px;margin-right:9.1px;\" class=\"icon-wrapper circle-yes\"><i class=\"fusion-li-icon fa fa-book\" style=\"color:#ffffff;\" aria-hidden=\"true\"><\/i><\/span><div class=\"fusion-li-item-content\" style=\"margin-left:31.2px;\">\n<p>ALLEN, Anthony, Helena NOVOTN\u00c1,\u00a0Martin MEJZR\u00a0and Filip\u00a0\u0160\u00cdR.\u00a0<em>Manipulace s\u00a0historick\u00fdmi zvukov\u00fdmi nosi\u010di a jejich ochrana : z\u00e1kladn\u00ed podm\u00ednky a postupy dlouhodob\u00e9 fyzick\u00e9 ochrany fonografick\u00fdch v\u00e1le\u010dk\u016f a standardn\u00edch gramofonov\u00fdch desek<\/em>.\u00a0Praha: N\u00e1rodn\u00ed muzeum, 2019. Accessible also via:\u00a0<a href=\"https:\/\/novyfonograf.cz\/wp-content\/uploads\/2020\/06\/2020-metodika-osvedceni-1.pdf\">https:\/\/novyfonograf.cz\/wp-content\/uploads\/2020\/06\/2020-metodika-osvedceni-1.pdf<\/a><\/p>\n<\/div><\/li><li class=\"fusion-li-item\"><span style=\"background-color:#a0ce4e;font-size:11.44px;height:22.1px;width:22.1px;margin-right:9.1px;\" class=\"icon-wrapper circle-yes\"><i class=\"fusion-li-icon fa fa-book\" style=\"color:#ffffff;\" aria-hidden=\"true\"><\/i><\/span><div class=\"fusion-li-item-content\" style=\"margin-left:31.2px;\">\n<p>\u0160\u00cdR, Filip and Petr\u00a0\u017dABI\u010cKA.\u00a0<em>Metodika pro digitalizaci a on-line zp\u0159\u00edstup\u0148ov\u00e1n\u00ed gramofonov\u00fdch nahr\u00e1vek a dal\u0161\u00edch zvukov\u00fdch dokument\u016f pro pam\u011b\u0165ov\u00e9 instituce.<\/em>\u00a0Brno: Moravsk\u00e1 zemsk\u00e1 knihovna, 2014. Accessible via:\u00a0<a href=\"http:\/\/goo.gl\/kt0sr5\">http:\/\/goo.gl\/kt0sr5<\/a>.<\/p>\n<\/div><\/li><\/ul><style type=\"text\/css\"><\/style><div class=\"fusion-title title fusion-title-5 fusion-title-center fusion-title-text fusion-title-size-four\" style=\"margin-top:0px;margin-bottom:31px;\"><div class=\"title-sep-container title-sep-container-left\"><div class=\"title-sep sep-double sep-solid\" style=\"border-color:#e0dede;\"><\/div><\/div><h4 class=\"title-heading-center\" style=\"margin:0;\"><strong>Certified methodologies<\/strong><\/h4><div class=\"title-sep-container title-sep-container-right\"><div class=\"title-sep sep-double sep-solid\" style=\"border-color:#e0dede;\"><\/div><\/div><\/div><div class=\"fusion-clearfix\"><\/div><\/div><\/div><\/div><\/div><\/p>\n","protected":false},"excerpt":{"rendered":"","protected":false},"author":4,"featured_media":0,"parent":1471,"menu_order":0,"comment_status":"closed","ping_status":"closed","template":"100-width.php","meta":[],"_links":{"self":[{"href":"https:\/\/novyfonograf.cz\/en\/wp-json\/wp\/v2\/pages\/3736"}],"collection":[{"href":"https:\/\/novyfonograf.cz\/en\/wp-json\/wp\/v2\/pages"}],"about":[{"href":"https:\/\/novyfonograf.cz\/en\/wp-json\/wp\/v2\/types\/page"}],"author":[{"embeddable":true,"href":"https:\/\/novyfonograf.cz\/en\/wp-json\/wp\/v2\/users\/4"}],"replies":[{"embeddable":true,"href":"https:\/\/novyfonograf.cz\/en\/wp-json\/wp\/v2\/comments?post=3736"}],"version-history":[{"count":10,"href":"https:\/\/novyfonograf.cz\/en\/wp-json\/wp\/v2\/pages\/3736\/revisions"}],"predecessor-version":[{"id":6765,"href":"https:\/\/novyfonograf.cz\/en\/wp-json\/wp\/v2\/pages\/3736\/revisions\/6765"}],"up":[{"embeddable":true,"href":"https:\/\/novyfonograf.cz\/en\/wp-json\/wp\/v2\/pages\/1471"}],"wp:attachment":[{"href":"https:\/\/novyfonograf.cz\/en\/wp-json\/wp\/v2\/media?parent=3736"}],"curies":[{"name":"wp","href":"https:\/\/api.w.org\/{rel}","templated":true}]}}